{"id":122,"date":"2012-05-04T15:02:50","date_gmt":"2012-05-04T14:02:50","guid":{"rendered":"http:\/\/gwaaltstadt.wordpress.com\/?page_id=122"},"modified":"2019-06-11T16:22:50","modified_gmt":"2019-06-11T15:22:50","slug":"bilder","status":"publish","type":"page","link":"https:\/\/www.gwa-altstadt.de\/new\/bilder\/","title":{"rendered":"Bilder aus der Altstadt"},"content":{"rendered":"<p><a href=\"http:\/\/www.gwa-altstadt.de\/wordpress\/wp-content\/uploads\/IMG_3795-e1560266214236.jpg\"><img loading=\"lazy\" decoding=\"async\" class=\"alignleft size-medium wp-image-1374\" alt=\"IMG_3795\" src=\"http:\/\/www.gwa-altstadt.de\/wordpress\/wp-content\/uploads\/IMG_3795-e1560266214236-225x300.jpg\" width=\"225\" height=\"300\" srcset=\"https:\/\/www.gwa-altstadt.de\/wordpress\/wp-content\/uploads\/IMG_3795-e1560266214236-225x300.jpg 225w, https:\/\/www.gwa-altstadt.de\/wordpress\/wp-content\/uploads\/IMG_3795-e1560266214236-768x1024.jpg 768w\" sizes=\"auto, (max-width: 225px) 100vw, 225px\" \/><\/a><\/p>\n<p>Sitzung vom 04. Juni 2019 im\u00a0 Vitanas. Wir hatten volles Haus, sch\u00f6nes Wetter und gute Gespr\u00e4che.<\/p>\n<p>&nbsp;<\/p>\n<p>&nbsp;<\/p>\n<p>&nbsp;<\/p>\n<p>&nbsp;<\/p>\n<p>&nbsp;<\/p>\n<p><a href=\"http:\/\/www.gwa-altstadt.de\/wordpress\/wp-content\/uploads\/IMG_3406.jpg\"><img loading=\"lazy\" decoding=\"async\" class=\"alignleft size-medium wp-image-1360\" alt=\"IMG_3406\" src=\"http:\/\/www.gwa-altstadt.de\/wordpress\/wp-content\/uploads\/IMG_3406-300x225.jpg\" width=\"300\" height=\"225\" srcset=\"https:\/\/www.gwa-altstadt.de\/wordpress\/wp-content\/uploads\/IMG_3406-300x225.jpg 300w, https:\/\/www.gwa-altstadt.de\/wordpress\/wp-content\/uploads\/IMG_3406-1024x768.jpg 1024w\" sizes=\"auto, (max-width: 300px) 100vw, 300px\" \/><\/a>Res\u00fcmee unserer diesj\u00e4hrigen Putzaktion. Es war ein voller Erfolg und wir danken allen Freiwilligen f\u00fcr Ihren Einsatz. Bis zum n\u00e4chsten Jahr.<\/p>\n<p><a href=\"http:\/\/www.gwa-altstadt.de\/wordpress\/wp-content\/uploads\/2019_04_06_GWA_Putzaktion.doc\">2019_04_06_GWA_Putzaktion<\/a><\/p>\n<p>&nbsp;<\/p>\n<p>&nbsp;<\/p>\n<figure id=\"attachment_1332\" aria-describedby=\"caption-attachment-1332\" style=\"width: 300px\" class=\"wp-caption alignleft\"><a href=\"http:\/\/www.gwa-altstadt.de\/wordpress\/wp-content\/uploads\/IMG_3075.jpg\"><img loading=\"lazy\" decoding=\"async\" class=\"size-medium wp-image-1332\" alt=\"Foto KST\" src=\"http:\/\/www.gwa-altstadt.de\/wordpress\/wp-content\/uploads\/IMG_3075-300x225.jpg\" width=\"300\" height=\"225\" srcset=\"https:\/\/www.gwa-altstadt.de\/wordpress\/wp-content\/uploads\/IMG_3075-300x225.jpg 300w, https:\/\/www.gwa-altstadt.de\/wordpress\/wp-content\/uploads\/IMG_3075-1024x768.jpg 1024w\" sizes=\"auto, (max-width: 300px) 100vw, 300px\" \/><\/a><figcaption id=\"caption-attachment-1332\" class=\"wp-caption-text\">Foto KST<\/figcaption><\/figure>\n<p>Fotoausstellung im Allee Center &#8222;Knattergebirger&#8220; vom 22.01.2019 bis zum 09.02.2019 (hier im Bild die Lesung vom 06.02.2019 mit freundlicher Unterst\u00fctzung der Autorin &#8222;NADJA GR\u00d6SCHNER&#8220;)<\/p>\n<p>&nbsp;<\/p>\n<figure id=\"attachment_1333\" aria-describedby=\"caption-attachment-1333\" style=\"width: 300px\" class=\"wp-caption alignleft\"><a href=\"http:\/\/www.gwa-altstadt.de\/wordpress\/wp-content\/uploads\/IMG_3076.jpg\"><img loading=\"lazy\" decoding=\"async\" class=\"size-medium wp-image-1333\" alt=\"Foto KST\" src=\"http:\/\/www.gwa-altstadt.de\/wordpress\/wp-content\/uploads\/IMG_3076-300x225.jpg\" width=\"300\" height=\"225\" srcset=\"https:\/\/www.gwa-altstadt.de\/wordpress\/wp-content\/uploads\/IMG_3076-300x225.jpg 300w, https:\/\/www.gwa-altstadt.de\/wordpress\/wp-content\/uploads\/IMG_3076-1024x768.jpg 1024w\" sizes=\"auto, (max-width: 300px) 100vw, 300px\" \/><\/a><figcaption id=\"caption-attachment-1333\" class=\"wp-caption-text\">Foto KST<\/figcaption><\/figure>\n<figure id=\"attachment_1334\" aria-describedby=\"caption-attachment-1334\" style=\"width: 300px\" class=\"wp-caption alignleft\"><a href=\"http:\/\/www.gwa-altstadt.de\/wordpress\/wp-content\/uploads\/IMG_3077.jpg\"><img loading=\"lazy\" decoding=\"async\" class=\"size-medium wp-image-1334\" alt=\"Foto KST\" src=\"http:\/\/www.gwa-altstadt.de\/wordpress\/wp-content\/uploads\/IMG_3077-300x225.jpg\" width=\"300\" height=\"225\" srcset=\"https:\/\/www.gwa-altstadt.de\/wordpress\/wp-content\/uploads\/IMG_3077-300x225.jpg 300w, https:\/\/www.gwa-altstadt.de\/wordpress\/wp-content\/uploads\/IMG_3077-1024x768.jpg 1024w\" sizes=\"auto, (max-width: 300px) 100vw, 300px\" \/><\/a><figcaption id=\"caption-attachment-1334\" class=\"wp-caption-text\">Foto KST<\/figcaption><\/figure>\n<figure id=\"attachment_1335\" aria-describedby=\"caption-attachment-1335\" style=\"width: 300px\" class=\"wp-caption alignleft\"><a href=\"http:\/\/www.gwa-altstadt.de\/wordpress\/wp-content\/uploads\/IMG_3078.jpg\"><img loading=\"lazy\" decoding=\"async\" class=\"size-medium wp-image-1335\" alt=\"Foto KST\" src=\"http:\/\/www.gwa-altstadt.de\/wordpress\/wp-content\/uploads\/IMG_3078-300x225.jpg\" width=\"300\" height=\"225\" srcset=\"https:\/\/www.gwa-altstadt.de\/wordpress\/wp-content\/uploads\/IMG_3078-300x225.jpg 300w, https:\/\/www.gwa-altstadt.de\/wordpress\/wp-content\/uploads\/IMG_3078-1024x768.jpg 1024w\" sizes=\"auto, (max-width: 300px) 100vw, 300px\" \/><\/a><figcaption id=\"caption-attachment-1335\" class=\"wp-caption-text\">Foto KST<\/figcaption><\/figure>\n<figure id=\"attachment_1336\" aria-describedby=\"caption-attachment-1336\" style=\"width: 300px\" class=\"wp-caption alignleft\"><a href=\"http:\/\/www.gwa-altstadt.de\/wordpress\/wp-content\/uploads\/IMG_3079.jpg\"><img loading=\"lazy\" decoding=\"async\" class=\"size-medium wp-image-1336\" alt=\"Foto KST\" src=\"http:\/\/www.gwa-altstadt.de\/wordpress\/wp-content\/uploads\/IMG_3079-300x225.jpg\" width=\"300\" height=\"225\" srcset=\"https:\/\/www.gwa-altstadt.de\/wordpress\/wp-content\/uploads\/IMG_3079-300x225.jpg 300w, https:\/\/www.gwa-altstadt.de\/wordpress\/wp-content\/uploads\/IMG_3079-1024x768.jpg 1024w\" sizes=\"auto, (max-width: 300px) 100vw, 300px\" \/><\/a><figcaption id=\"caption-attachment-1336\" class=\"wp-caption-text\">Foto KST<\/figcaption><\/figure>\n<p>&nbsp;<\/p>\n<figure id=\"attachment_1330\" aria-describedby=\"caption-attachment-1330\" style=\"width: 300px\" class=\"wp-caption alignleft\"><a href=\"http:\/\/www.gwa-altstadt.de\/wordpress\/wp-content\/uploads\/IMG_3073.jpg\"><img loading=\"lazy\" decoding=\"async\" class=\"size-medium wp-image-1330\" alt=\"Foto KST\" src=\"http:\/\/www.gwa-altstadt.de\/wordpress\/wp-content\/uploads\/IMG_3073-300x225.jpg\" width=\"300\" height=\"225\" srcset=\"https:\/\/www.gwa-altstadt.de\/wordpress\/wp-content\/uploads\/IMG_3073-300x225.jpg 300w, https:\/\/www.gwa-altstadt.de\/wordpress\/wp-content\/uploads\/IMG_3073-1024x768.jpg 1024w\" sizes=\"auto, (max-width: 300px) 100vw, 300px\" \/><\/a><figcaption id=\"caption-attachment-1330\" class=\"wp-caption-text\">Foto KST<\/figcaption><\/figure>\n<p>&nbsp;<\/p>\n<p>&nbsp;<\/p>\n<p>&nbsp;<\/p>\n<p>&nbsp;<\/p>\n<figure id=\"attachment_1331\" aria-describedby=\"caption-attachment-1331\" style=\"width: 300px\" class=\"wp-caption alignleft\"><a href=\"http:\/\/www.gwa-altstadt.de\/wordpress\/wp-content\/uploads\/IMG_3074.jpg\"><img loading=\"lazy\" decoding=\"async\" class=\"size-medium wp-image-1331\" alt=\"Foto KST\" src=\"http:\/\/www.gwa-altstadt.de\/wordpress\/wp-content\/uploads\/IMG_3074-300x225.jpg\" width=\"300\" height=\"225\" srcset=\"https:\/\/www.gwa-altstadt.de\/wordpress\/wp-content\/uploads\/IMG_3074-300x225.jpg 300w, https:\/\/www.gwa-altstadt.de\/wordpress\/wp-content\/uploads\/IMG_3074-1024x768.jpg 1024w\" sizes=\"auto, (max-width: 300px) 100vw, 300px\" \/><\/a><figcaption id=\"caption-attachment-1331\" class=\"wp-caption-text\">Foto KST<\/figcaption><\/figure>\n<p>&nbsp;<\/p>\n<p>&nbsp;<\/p>\n<p>&nbsp;<\/p>\n<p>&nbsp;<\/p>\n<p>&nbsp;<\/p>\n<p>&nbsp;<\/p>\n<p>&nbsp;<\/p>\n<p>&nbsp;<\/p>\n<p>&nbsp;<\/p>\n<p>&nbsp;<\/p>\n<p>&nbsp;<\/p>\n<p>&nbsp;<\/p>\n<p>&nbsp;<\/p>\n<p>&nbsp;<\/p>\n<p>&nbsp;<\/p>\n<p>&nbsp;<\/p>\n<p>&nbsp;<\/p>\n<p>&nbsp;<\/p>\n<p>&nbsp;<\/p>\n<p>&nbsp;<\/p>\n<p>&nbsp;<\/p>\n<p>&nbsp;<\/p>\n<p>&nbsp;<\/p>\n<p>&nbsp;<\/p>\n<p>&nbsp;<\/p>\n<p>&nbsp;<\/p>\n<p>&nbsp;<\/p>\n<p>&nbsp;<\/p>\n<p>&nbsp;<\/p>\n<p>&nbsp;<\/p>\n<p>&nbsp;<\/p>\n<p>&nbsp;<\/p>\n<p>&nbsp;<\/p>\n<p>Durch die GWA-Altstadt gestaltete Schaltk\u00e4sten am Ulrichshaus und vor Stadt Prag<\/p>\n<table width=\"100%\" border=\"0\">\n<tbody>\n<tr>\n<td width=\"50%\"><a href=\"http:\/\/www.gwa-altstadt.de\/wordpress\/wp-content\/uploads\/schaltkasten_ulrichshaus1.jpg\" target=\"blank\"><img loading=\"lazy\" decoding=\"async\" class=\"aligncenter size-thumbnail wp-image-501\" alt=\"schaltkasten_ulrichshaus1\" src=\"http:\/\/www.gwa-altstadt.de\/wordpress\/wp-content\/uploads\/schaltkasten_ulrichshaus1.jpg?w=200\" width=\"200\" height=\"150\" srcset=\"https:\/\/www.gwa-altstadt.de\/wordpress\/wp-content\/uploads\/schaltkasten_ulrichshaus1.jpg 640w, https:\/\/www.gwa-altstadt.de\/wordpress\/wp-content\/uploads\/schaltkasten_ulrichshaus1-300x225.jpg 300w\" sizes=\"auto, (max-width: 200px) 100vw, 200px\" \/><\/a><br \/>\n<a href=\"http:\/\/www.gwa-altstadt.de\/wordpress\/wp-content\/uploads\/schaltkasten_ulrichshaus2.jpg\" target=\"blank\"><img loading=\"lazy\" decoding=\"async\" class=\"aligncenter size-medium wp-image-500\" alt=\"Schaltkasten am Ulrichshaus\" src=\"http:\/\/www.gwa-altstadt.de\/wordpress\/wp-content\/uploads\/schaltkasten_ulrichshaus2.jpg?w=200\" width=\"200\" height=\"150\" srcset=\"https:\/\/www.gwa-altstadt.de\/wordpress\/wp-content\/uploads\/schaltkasten_ulrichshaus2.jpg 640w, https:\/\/www.gwa-altstadt.de\/wordpress\/wp-content\/uploads\/schaltkasten_ulrichshaus2-300x225.jpg 300w\" sizes=\"auto, (max-width: 200px) 100vw, 200px\" \/><\/a><\/td>\n<td width=\"50%\"><a href=\"http:\/\/www.gwa-altstadt.de\/wordpress\/wp-content\/uploads\/schaltkasten_stadt-prag1.jpg\" target=\"blank\"><img loading=\"lazy\" decoding=\"async\" class=\"aligncenter size-medium wp-image-513\" alt=\"schaltkasten_stadt-prag1\" src=\"http:\/\/www.gwa-altstadt.de\/wordpress\/wp-content\/uploads\/schaltkasten_stadt-prag1.jpg?w=200\" width=\"200\" height=\"150\" srcset=\"https:\/\/www.gwa-altstadt.de\/wordpress\/wp-content\/uploads\/schaltkasten_stadt-prag1.jpg 640w, https:\/\/www.gwa-altstadt.de\/wordpress\/wp-content\/uploads\/schaltkasten_stadt-prag1-300x225.jpg 300w\" sizes=\"auto, (max-width: 200px) 100vw, 200px\" \/><\/a><br \/>\n<a href=\"http:\/\/www.gwa-altstadt.de\/wordpress\/wp-content\/uploads\/schaltkasten_stadt-prag2.jpg\" target=\"blank\"><img loading=\"lazy\" decoding=\"async\" class=\"aligncenter size-medium wp-image-512\" alt=\"Schaltkasten vor Stadt Prag\" src=\"http:\/\/www.gwa-altstadt.de\/wordpress\/wp-content\/uploads\/schaltkasten_stadt-prag2.jpg?w=200\" width=\"200\" height=\"150\" srcset=\"https:\/\/www.gwa-altstadt.de\/wordpress\/wp-content\/uploads\/schaltkasten_stadt-prag2.jpg 640w, https:\/\/www.gwa-altstadt.de\/wordpress\/wp-content\/uploads\/schaltkasten_stadt-prag2-300x225.jpg 300w\" sizes=\"auto, (max-width: 200px) 100vw, 200px\" \/><\/a><\/td>\n<\/tr>\n<\/tbody>\n<\/table>\n<p>Sonntagskonzert im Senioren Centrum Elbblick am 22.05.2011<\/p>\n<hr \/>\n<table width=\"100%\" border=\"0\">\n<tbody>\n<tr>\n<td width=\"50%\"><a href=\"http:\/\/www.gwa-altstadt.de\/wordpress\/wp-content\/uploads\/sonntagskonzert2011_12.jpg\" target=\"blank\"><img loading=\"lazy\" decoding=\"async\" class=\"aligncenter size-medium wp-image-546\" alt=\"Sonntagskonzert im Elbblick\" src=\"http:\/\/www.gwa-altstadt.de\/wordpress\/wp-content\/uploads\/sonntagskonzert2011_12.jpg?w=200\" width=\"200\" height=\"150\" \/><\/a><br \/>\n<a href=\"http:\/\/www.gwa-altstadt.de\/wordpress\/wp-content\/uploads\/sonntagskonzert2011_22.jpg\" target=\"blank\"><img loading=\"lazy\" decoding=\"async\" class=\"aligncenter size-medium wp-image-547\" alt=\"Sonntagskonzert2011_2\" src=\"http:\/\/www.gwa-altstadt.de\/wordpress\/wp-content\/uploads\/sonntagskonzert2011_22.jpg?w=200\" width=\"200\" height=\"150\" \/><\/a><\/td>\n<td width=\"50%\"><a href=\"http:\/\/www.gwa-altstadt.de\/wordpress\/wp-content\/uploads\/sonntagskonzert2011_32.jpg\" target=\"blank\"><img loading=\"lazy\" decoding=\"async\" class=\"aligncenter size-medium wp-image-548\" alt=\"Sonntagskonzert2011_3\" src=\"http:\/\/www.gwa-altstadt.de\/wordpress\/wp-content\/uploads\/sonntagskonzert2011_32.jpg?w=200\" width=\"200\" height=\"150\" \/><\/a><br \/>\n<a href=\"http:\/\/www.gwa-altstadt.de\/wordpress\/wp-content\/uploads\/sonntagskonzert2011_42.jpg\" target=\"blank\"><img loading=\"lazy\" decoding=\"async\" class=\"aligncenter size-medium wp-image-549\" alt=\"Sonntagskonzert2011_4\" src=\"http:\/\/www.gwa-altstadt.de\/wordpress\/wp-content\/uploads\/sonntagskonzert2011_42.jpg?w=200\" width=\"200\" height=\"150\" \/><\/a><\/td>\n<\/tr>\n<\/tbody>\n<\/table>\n<p>Kuchenbaumfest an der GWA-Altstadt Bank in der Jakobstra\u00dfe am 22.06.2010<\/p>\n<hr \/>\n<table width=\"100%\" border=\"0\">\n<tbody>\n<tr>\n<td width=\"50%\"><a href=\"http:\/\/www.gwa-altstadt.de\/wordpress\/wp-content\/uploads\/kuchenbaumfest2010_1.jpg\" target=\"blank\"><img loading=\"lazy\" decoding=\"async\" class=\"aligncenter size-medium wp-image-551\" alt=\"Kuchenbaumfest 2010\" src=\"http:\/\/www.gwa-altstadt.de\/wordpress\/wp-content\/uploads\/kuchenbaumfest2010_1.jpg?w=200\" width=\"200\" height=\"150\" srcset=\"https:\/\/www.gwa-altstadt.de\/wordpress\/wp-content\/uploads\/kuchenbaumfest2010_1.jpg 640w, https:\/\/www.gwa-altstadt.de\/wordpress\/wp-content\/uploads\/kuchenbaumfest2010_1-300x225.jpg 300w\" sizes=\"auto, (max-width: 200px) 100vw, 200px\" \/><\/a><br \/>\n<a href=\"http:\/\/www.gwa-altstadt.de\/wordpress\/wp-content\/uploads\/kuchenbaumfest2010_2.jpg\" target=\"blank\"><img loading=\"lazy\" decoding=\"async\" class=\"aligncenter size-medium wp-image-552\" alt=\"kuchenbaumfest2010_2\" src=\"http:\/\/www.gwa-altstadt.de\/wordpress\/wp-content\/uploads\/kuchenbaumfest2010_2.jpg?w=200\" width=\"200\" height=\"150\" srcset=\"https:\/\/www.gwa-altstadt.de\/wordpress\/wp-content\/uploads\/kuchenbaumfest2010_2.jpg 640w, https:\/\/www.gwa-altstadt.de\/wordpress\/wp-content\/uploads\/kuchenbaumfest2010_2-300x225.jpg 300w\" sizes=\"auto, (max-width: 200px) 100vw, 200px\" \/><\/a><\/td>\n<td><a href=\"http:\/\/www.gwa-altstadt.de\/wordpress\/wp-content\/uploads\/kuchenbaumfest2010_3.jpg\" target=\"blank\"><img loading=\"lazy\" decoding=\"async\" class=\"aligncenter size-medium wp-image-553\" alt=\"kuchenbaumfest2010_3\" src=\"http:\/\/www.gwa-altstadt.de\/wordpress\/wp-content\/uploads\/kuchenbaumfest2010_3.jpg?w=200\" width=\"200\" height=\"150\" srcset=\"https:\/\/www.gwa-altstadt.de\/wordpress\/wp-content\/uploads\/kuchenbaumfest2010_3.jpg 640w, https:\/\/www.gwa-altstadt.de\/wordpress\/wp-content\/uploads\/kuchenbaumfest2010_3-300x225.jpg 300w\" sizes=\"auto, (max-width: 200px) 100vw, 200px\" \/><\/a><br \/>\n<a href=\"http:\/\/www.gwa-altstadt.de\/wordpress\/wp-content\/uploads\/kuchenbaumfest2010_4.jpg\" target=\"blank\"><img loading=\"lazy\" decoding=\"async\" class=\"aligncenter size-medium wp-image-554\" alt=\"kuchenbaumfest2010_4\" src=\"http:\/\/www.gwa-altstadt.de\/wordpress\/wp-content\/uploads\/kuchenbaumfest2010_4.jpg?w=200\" width=\"200\" height=\"150\" srcset=\"https:\/\/www.gwa-altstadt.de\/wordpress\/wp-content\/uploads\/kuchenbaumfest2010_4.jpg 640w, https:\/\/www.gwa-altstadt.de\/wordpress\/wp-content\/uploads\/kuchenbaumfest2010_4-300x225.jpg 300w\" sizes=\"auto, (max-width: 200px) 100vw, 200px\" \/><\/a><\/td>\n<\/tr>\n<\/tbody>\n<\/table>\n<p>Weihnachtsfeier in der Walloner Kirche am 04.12.2009<\/p>\n<hr \/>\n<table width=\"100%\" border=\"0\">\n<tbody>\n<tr>\n<td width=\"50%\"><a href=\"http:\/\/www.gwa-altstadt.de\/wordpress\/wp-content\/uploads\/weihnachten2009_1.jpg\" target=\"blank\"><img loading=\"lazy\" decoding=\"async\" class=\"aligncenter size-medium wp-image-520\" alt=\"Weihnachtsfeier 2009\" src=\"http:\/\/www.gwa-altstadt.de\/wordpress\/wp-content\/uploads\/weihnachten2009_1.jpg?w=200\" width=\"200\" height=\"150\" srcset=\"https:\/\/www.gwa-altstadt.de\/wordpress\/wp-content\/uploads\/weihnachten2009_1.jpg 640w, https:\/\/www.gwa-altstadt.de\/wordpress\/wp-content\/uploads\/weihnachten2009_1-300x225.jpg 300w\" sizes=\"auto, (max-width: 200px) 100vw, 200px\" \/><\/a><br \/>\n<a href=\"http:\/\/www.gwa-altstadt.de\/wordpress\/wp-content\/uploads\/weihnachten2009_2.jpg\" target=\"blank\"><img loading=\"lazy\" decoding=\"async\" class=\"aligncenter size-medium wp-image-521\" alt=\"weihnachten2009_2\" src=\"http:\/\/www.gwa-altstadt.de\/wordpress\/wp-content\/uploads\/weihnachten2009_2.jpg?w=200\" width=\"200\" height=\"150\" srcset=\"https:\/\/www.gwa-altstadt.de\/wordpress\/wp-content\/uploads\/weihnachten2009_2.jpg 640w, https:\/\/www.gwa-altstadt.de\/wordpress\/wp-content\/uploads\/weihnachten2009_2-300x225.jpg 300w\" sizes=\"auto, (max-width: 200px) 100vw, 200px\" \/><\/a><\/td>\n<td><a href=\"http:\/\/www.gwa-altstadt.de\/wordpress\/wp-content\/uploads\/weihnachten2009_3.jpg\" target=\"blank\"><img loading=\"lazy\" decoding=\"async\" class=\"aligncenter size-medium wp-image-522\" alt=\"weihnachten2009_3\" src=\"http:\/\/www.gwa-altstadt.de\/wordpress\/wp-content\/uploads\/weihnachten2009_3.jpg?w=200\" width=\"200\" height=\"150\" srcset=\"https:\/\/www.gwa-altstadt.de\/wordpress\/wp-content\/uploads\/weihnachten2009_3.jpg 640w, https:\/\/www.gwa-altstadt.de\/wordpress\/wp-content\/uploads\/weihnachten2009_3-300x225.jpg 300w\" sizes=\"auto, (max-width: 200px) 100vw, 200px\" \/><\/a><br \/>\n<a href=\"http:\/\/www.gwa-altstadt.de\/wordpress\/wp-content\/uploads\/weihnachten2009_4.jpg\" target=\"blank\"><img loading=\"lazy\" decoding=\"async\" class=\"aligncenter size-medium wp-image-523\" alt=\"weihnachten2009_4\" src=\"http:\/\/www.gwa-altstadt.de\/wordpress\/wp-content\/uploads\/weihnachten2009_4.jpg?w=200\" width=\"200\" height=\"150\" srcset=\"https:\/\/www.gwa-altstadt.de\/wordpress\/wp-content\/uploads\/weihnachten2009_4.jpg 640w, https:\/\/www.gwa-altstadt.de\/wordpress\/wp-content\/uploads\/weihnachten2009_4-300x225.jpg 300w\" sizes=\"auto, (max-width: 200px) 100vw, 200px\" \/><\/a><\/td>\n<\/tr>\n<\/tbody>\n<\/table>\n<p>Vernissage zur GWA-Altstadt Ausstellung am 09.02.2009 in der Volkshochschuke<\/p>\n<hr \/>\n<table width=\"100%\" border=\"0\">\n<tbody>\n<tr>\n<td width=\"50%\"><a href=\"http:\/\/www.gwa-altstadt.de\/wordpress\/wp-content\/uploads\/vernissage2009_1.jpg\" target=\"blank\"><img loading=\"lazy\" decoding=\"async\" class=\"aligncenter size-medium wp-image-540\" alt=\"Vernissage 2009\" src=\"http:\/\/www.gwa-altstadt.de\/wordpress\/wp-content\/uploads\/vernissage2009_1.jpg?w=200\" width=\"200\" height=\"150\" \/><\/a><br \/>\n<a href=\"http:\/\/www.gwa-altstadt.de\/wordpress\/wp-content\/uploads\/vernissage2009_2.jpg\" target=\"blank\"><img loading=\"lazy\" decoding=\"async\" class=\"aligncenter size-medium wp-image-541\" alt=\"vernissage2009_2\" src=\"http:\/\/www.gwa-altstadt.de\/wordpress\/wp-content\/uploads\/vernissage2009_2.jpg?w=200\" width=\"200\" height=\"150\" \/><\/a><\/td>\n<td width=\"50%\"><a href=\"http:\/\/www.gwa-altstadt.de\/wordpress\/wp-content\/uploads\/vernissage2009_3.jpg\" target=\"blank\"><img loading=\"lazy\" decoding=\"async\" class=\"aligncenter size-medium wp-image-542\" alt=\"vernissage2009_3\" src=\"http:\/\/www.gwa-altstadt.de\/wordpress\/wp-content\/uploads\/vernissage2009_3.jpg?w=200\" width=\"200\" height=\"150\" \/><\/a><br \/>\n<a href=\"http:\/\/www.gwa-altstadt.de\/wordpress\/wp-content\/uploads\/vernissage2009_4.jpg\" target=\"blank\"><img loading=\"lazy\" decoding=\"async\" class=\"aligncenter size-medium wp-image-543\" alt=\"vernissage2009_4\" src=\"http:\/\/www.gwa-altstadt.de\/wordpress\/wp-content\/uploads\/vernissage2009_4.jpg?w=200\" width=\"200\" height=\"150\" \/><\/a><\/td>\n<\/tr>\n<\/tbody>\n<\/table>\n<p>&nbsp;<\/p>\n<hr \/>\n","protected":false},"excerpt":{"rendered":"<p>Sitzung vom 04. Juni 2019 im\u00a0 Vitanas. Wir hatten volles Haus, sch\u00f6nes Wetter und gute Gespr\u00e4che. &nbsp; &nbsp; &nbsp; &nbsp; &nbsp; Res\u00fcmee unserer diesj\u00e4hrigen Putzaktion. Es war ein voller Erfolg und wir danken allen Freiwilligen f\u00fcr Ihren Einsatz. Bis zum n\u00e4chsten Jahr. 2019_04_06_GWA_Putzaktion &nbsp; &nbsp; Fotoausstellung im Allee Center &#8222;Knattergebirger&#8220; vom 22.01.2019 bis zum 09.02.2019 [&hellip;]<\/p>\n","protected":false},"author":1,"featured_media":0,"parent":0,"menu_order":0,"comment_status":"closed","ping_status":"open","template":"","meta":{"footnotes":""},"class_list":["post-122","page","type-page","status-publish","hentry"],"_links":{"self":[{"href":"https:\/\/www.gwa-altstadt.de\/new\/wp-json\/wp\/v2\/pages\/122","targetHints":{"allow":["GET"]}}],"collection":[{"href":"https:\/\/www.gwa-altstadt.de\/new\/wp-json\/wp\/v2\/pages"}],"about":[{"href":"https:\/\/www.gwa-altstadt.de\/new\/wp-json\/wp\/v2\/types\/page"}],"author":[{"embeddable":true,"href":"https:\/\/www.gwa-altstadt.de\/new\/wp-json\/wp\/v2\/users\/1"}],"replies":[{"embeddable":true,"href":"https:\/\/www.gwa-altstadt.de\/new\/wp-json\/wp\/v2\/comments?post=122"}],"version-history":[{"count":17,"href":"https:\/\/www.gwa-altstadt.de\/new\/wp-json\/wp\/v2\/pages\/122\/revisions"}],"predecessor-version":[{"id":801,"href":"https:\/\/www.gwa-altstadt.de\/new\/wp-json\/wp\/v2\/pages\/122\/revisions\/801"}],"wp:attachment":[{"href":"https:\/\/www.gwa-altstadt.de\/new\/wp-json\/wp\/v2\/media?parent=122"}],"curies":[{"name":"wp","href":"https:\/\/api.w.org\/{rel}","templated":true}]}}